{"id":1036,"date":"2025-05-05T05:37:50","date_gmt":"2025-05-05T05:37:50","guid":{"rendered":"https:\/\/empowermigrantwomen.eu\/politica-de-privacidade"},"modified":"2025-07-15T11:14:43","modified_gmt":"2025-07-15T11:14:43","slug":"politica-de-privacidade","status":"publish","type":"page","link":"https:\/\/empowermigrantwomen.eu\/pt-pt\/politica-de-privacidade","title":{"rendered":"Pol\u00edtica de privacidade"},"content":{"rendered":"\t\t<div data-elementor-type=\"wp-page\" data-elementor-id=\"1036\" class=\"elementor elementor-1036 elementor-577\" data-elementor-post-type=\"page\">\n\t\t\t\t<div data-dce-background-image-url=\"https:\/\/empowermigrantwomen.eu\/wp-content\/uploads\/2025\/04\/EmpHer-NewsPath.svg\" class=\"elementor-element elementor-element-1d60a47 e-flex e-con-boxed e-con e-parent\" data-id=\"1d60a47\" data-element_type=\"container\" data-e-type=\"container\" data-settings=\"{&quot;background_background&quot;:&quot;classic&quot;}\">\n\t\t\t\t\t<div class=\"e-con-inner\">\n\t\t<div class=\"elementor-element elementor-element-9ee714f e-con-full e-flex e-con e-child\" data-id=\"9ee714f\" data-element_type=\"container\" data-e-type=\"container\">\n\t\t\t\t<div class=\"elementor-element elementor-element-5d22ea7 elementor-widget elementor-widget-text-editor\" data-id=\"5d22ea7\" data-element_type=\"widget\" data-e-type=\"widget\" data-widget_type=\"text-editor.default\">\n\t\t\t\t<div class=\"elementor-widget-container\">\n\t\t\t\t\t\t\t\t\t<div class=\"elementor-element elementor-element-c8f0f27 elementor-widget elementor-widget-text-editor\" data-id=\"c8f0f27\" data-element_type=\"widget\" data-widget_type=\"text-editor.default\"><div class=\"elementor-widget-container\"><p>No <b>EmpowerHer <\/b>levamos muito a s\u00e9rio a prote\u00e7\u00e3o de seus dados pessoais. O nosso objetivo \u00e9 proteger a privacidade dos dados que nos fornece e cumprir com as normas vigentes sobre prote\u00e7\u00e3o de dados pessoais. <\/p><p>Em cumprimento \u00e0 Lei 3\/2018 de 5 de dezembro, de Prote\u00e7\u00e3o de Dados Pessoais e Garantia de Direitos Digitais que transp\u00f5e o Regulamento (UE) 2016\/679, informamos sobre a nossa pol\u00edtica de privacidade e prote\u00e7\u00e3o de dados:<\/p><\/div><\/div>\t\t\t\t\t\t\t\t<\/div>\n\t\t\t\t<\/div>\n\t\t\t\t<\/div>\n\t\t<div class=\"elementor-element elementor-element-d0736bd e-con-full e-flex e-con e-child\" data-id=\"d0736bd\" data-element_type=\"container\" data-e-type=\"container\">\n\t\t\t\t<div class=\"elementor-element elementor-element-e39b42c elementor-widget__width-initial elementor-widget elementor-widget-heading\" data-id=\"e39b42c\" data-element_type=\"widget\" data-e-type=\"widget\" data-widget_type=\"heading.default\">\n\t\t\t\t<div class=\"elementor-widget-container\">\n\t\t\t\t\t<h2 class=\"elementor-heading-title elementor-size-default\">Quem \u00e9 respons\u00e1vel pelo tratamento dos seus dados?<br><br><\/h2>\t\t\t\t<\/div>\n\t\t\t\t<\/div>\n\t\t\t\t<div class=\"elementor-element elementor-element-4f76f2f elementor-widget elementor-widget-text-editor\" data-id=\"4f76f2f\" data-element_type=\"widget\" data-e-type=\"widget\" data-widget_type=\"text-editor.default\">\n\t\t\t\t<div class=\"elementor-widget-container\">\n\t\t\t\t\t\t\t\t\t<p>A entidade respons\u00e1vel pelos seus dados \u00e9 <strong>Wisamar Bildungsgesellschaft gemeinn\u00fctzige GmbH<\/strong>. Trata-se de uma empresa social situada em Leipzig, na Alemanha. <\/p>\t\t\t\t\t\t\t\t<\/div>\n\t\t\t\t<\/div>\n\t\t<div class=\"elementor-element elementor-element-0c853be e-con-full e-flex e-con e-child\" data-id=\"0c853be\" data-element_type=\"container\" data-e-type=\"container\">\n\t\t<div class=\"elementor-element elementor-element-7be30dd e-con-full e-flex e-con e-child\" data-id=\"7be30dd\" data-element_type=\"container\" data-e-type=\"container\" data-settings=\"{&quot;background_background&quot;:&quot;classic&quot;}\">\n\t\t\t\t<div data-dce-title-color=\"#FFFFFF\" data-dce-advanced-background-color=\"#462552\" class=\"elementor-element elementor-element-6231262 elementor-widget__width-initial elementor-widget elementor-widget-heading\" data-id=\"6231262\" data-element_type=\"widget\" data-e-type=\"widget\" data-widget_type=\"heading.default\">\n\t\t\t\t<div class=\"elementor-widget-container\">\n\t\t\t\t\t<div class=\"elementor-heading-title elementor-size-default\">Endere\u00e7o<\/div>\t\t\t\t<\/div>\n\t\t\t\t<\/div>\n\t\t\t\t<div data-dce-title-color=\"#0A2829\" class=\"elementor-element elementor-element-c4b23fb elementor-widget__width-initial elementor-widget elementor-widget-heading\" data-id=\"c4b23fb\" data-element_type=\"widget\" data-e-type=\"widget\" data-widget_type=\"heading.default\">\n\t\t\t\t<div class=\"elementor-widget-container\">\n\t\t\t\t\t<div class=\"elementor-heading-title elementor-size-default\">Heinrichstr. 5-7 04317 Leipzig <\/div>\t\t\t\t<\/div>\n\t\t\t\t<\/div>\n\t\t\t\t<\/div>\n\t\t<div class=\"elementor-element elementor-element-b691062 e-con-full e-flex e-con e-child\" data-id=\"b691062\" data-element_type=\"container\" data-e-type=\"container\">\n\t\t\t\t<div data-dce-title-color=\"#FFFFFF\" data-dce-advanced-background-color=\"#462552\" class=\"elementor-element elementor-element-a5539da elementor-widget__width-initial elementor-widget elementor-widget-heading\" data-id=\"a5539da\" data-element_type=\"widget\" data-e-type=\"widget\" data-widget_type=\"heading.default\">\n\t\t\t\t<div class=\"elementor-widget-container\">\n\t\t\t\t\t<div class=\"elementor-heading-title elementor-size-default\">Email de contato<\/div>\t\t\t\t<\/div>\n\t\t\t\t<\/div>\n\t\t\t\t<div data-dce-title-color=\"#0A2829\" class=\"elementor-element elementor-element-d53d218 elementor-widget__width-initial elementor-widget elementor-widget-heading\" data-id=\"d53d218\" data-element_type=\"widget\" data-e-type=\"widget\" data-widget_type=\"heading.default\">\n\t\t\t\t<div class=\"elementor-widget-container\">\n\t\t\t\t\t<div class=\"elementor-heading-title elementor-size-default\"><a href=\"mailto:info@wisamar.de\">info@wisamar.de<\/a><\/div>\t\t\t\t<\/div>\n\t\t\t\t<\/div>\n\t\t\t\t<\/div>\n\t\t<div class=\"elementor-element elementor-element-3bdb069 e-con-full e-flex e-con e-child\" data-id=\"3bdb069\" data-element_type=\"container\" data-e-type=\"container\" data-settings=\"{&quot;background_background&quot;:&quot;classic&quot;}\">\n\t\t\t\t<div data-dce-title-color=\"#FFFFFF\" data-dce-advanced-background-color=\"#462552\" class=\"elementor-element elementor-element-e3c8181 elementor-widget__width-initial elementor-widget elementor-widget-heading\" data-id=\"e3c8181\" data-element_type=\"widget\" data-e-type=\"widget\" data-widget_type=\"heading.default\">\n\t\t\t\t<div class=\"elementor-widget-container\">\n\t\t\t\t\t<div class=\"elementor-heading-title elementor-size-default\">Telefone<\/div>\t\t\t\t<\/div>\n\t\t\t\t<\/div>\n\t\t\t\t<div data-dce-title-color=\"#0A2829\" class=\"elementor-element elementor-element-eda6546 elementor-widget__width-initial elementor-widget elementor-widget-heading\" data-id=\"eda6546\" data-element_type=\"widget\" data-e-type=\"widget\" data-widget_type=\"heading.default\">\n\t\t\t\t<div class=\"elementor-widget-container\">\n\t\t\t\t\t<div class=\"elementor-heading-title elementor-size-default\">0049 341 51999555<\/div>\t\t\t\t<\/div>\n\t\t\t\t<\/div>\n\t\t\t\t<\/div>\n\t\t\t\t<\/div>\n\t\t\t\t<\/div>\n\t\t<div class=\"elementor-element elementor-element-c29291b e-con-full e-flex e-con e-child\" data-id=\"c29291b\" data-element_type=\"container\" data-e-type=\"container\">\n\t\t\t\t<div class=\"elementor-element elementor-element-4656125 elementor-widget__width-initial elementor-widget elementor-widget-heading\" data-id=\"4656125\" data-element_type=\"widget\" data-e-type=\"widget\" data-widget_type=\"heading.default\">\n\t\t\t\t<div class=\"elementor-widget-container\">\n\t\t\t\t\t<h2 class=\"elementor-heading-title elementor-size-default\">Qual a finalidade do tratamento?<\/h2>\t\t\t\t<\/div>\n\t\t\t\t<\/div>\n\t\t\t\t<div class=\"elementor-element elementor-element-f7a28ce elementor-widget elementor-widget-text-editor\" data-id=\"f7a28ce\" data-element_type=\"widget\" data-e-type=\"widget\" data-widget_type=\"text-editor.default\">\n\t\t\t\t<div class=\"elementor-widget-container\">\n\t\t\t\t\t\t\t\t\t<div class=\"elementor-element elementor-element-c8f0f27 elementor-widget elementor-widget-text-editor\" data-id=\"c8f0f27\" data-element_type=\"widget\" data-widget_type=\"text-editor.default\"><div class=\"elementor-widget-container\"><ul><li aria-level=\"1\">Atender \u00e0s solicita\u00e7\u00f5es, reclama\u00e7\u00f5es e incidentes encaminhados por meio de nossos canais de contato incorporados ao site.<\/li><li aria-level=\"1\">Compreender o comportamento do navegador na web para detetar poss\u00edveis ataques inform\u00e1ticos \u00e0 nossa web.<\/li><li aria-level=\"1\">Cumprir as obriga\u00e7\u00f5es legais que nos s\u00e3o diretamente aplic\u00e1veis e regular a nossa atividade.<\/li><li aria-level=\"1\">Para proteger e exercer nossos direitos ou para responder a reclama\u00e7\u00f5es de qualquer tipo.<\/li><li aria-level=\"1\">Envio de newsletters relativas aos bens ou servi\u00e7os que integram a atividade do respons\u00e1vel ou not\u00edcias relacionadas com a sua atividade.<\/li><\/ul><\/div><\/div>\t\t\t\t\t\t\t\t<\/div>\n\t\t\t\t<\/div>\n\t\t\t\t<\/div>\n\t\t<div class=\"elementor-element elementor-element-5c48ab3 e-con-full e-flex e-con e-child\" data-id=\"5c48ab3\" data-element_type=\"container\" data-e-type=\"container\">\n\t\t\t\t<div class=\"elementor-element elementor-element-f7fbe5d elementor-widget__width-initial elementor-widget elementor-widget-heading\" data-id=\"f7fbe5d\" data-element_type=\"widget\" data-e-type=\"widget\" data-widget_type=\"heading.default\">\n\t\t\t\t<div class=\"elementor-widget-container\">\n\t\t\t\t\t<h2 class=\"elementor-heading-title elementor-size-default\">Qual a base legal do tratamento?<\/h2>\t\t\t\t<\/div>\n\t\t\t\t<\/div>\n\t\t\t\t<div class=\"elementor-element elementor-element-50b203f elementor-widget elementor-widget-text-editor\" data-id=\"50b203f\" data-element_type=\"widget\" data-e-type=\"widget\" data-widget_type=\"text-editor.default\">\n\t\t\t\t<div class=\"elementor-widget-container\">\n\t\t\t\t\t\t\t\t\t<div class=\"elementor-element elementor-element-c8f0f27 elementor-widget elementor-widget-text-editor\" data-id=\"c8f0f27\" data-element_type=\"widget\" data-widget_type=\"text-editor.default\"><div class=\"elementor-widget-container\"><p>A base legal para o tratamento dos seus dados \u00e9 o consentimento do titular dos dados nos termos do artigo 6.1 a) do Regulamento, bem como o interesse leg\u00edtimo do respons\u00e1vel pelo tratamento nos termos do artigo 6.1 f) do Regulamento.<\/p><p>Os dados que lhe solicitamos s\u00e3o adequados, pertinentes e estritamente necess\u00e1rios e em nenhum caso voc\u00ea \u00e9 obrigado a fornec\u00ea-los, mas a sua n\u00e3o comunica\u00e7\u00e3o pode afetar a finalidade do servi\u00e7o ou a impossibilidade de fornec\u00ea-lo.<\/p><\/div><\/div>\t\t\t\t\t\t\t\t<\/div>\n\t\t\t\t<\/div>\n\t\t\t\t<\/div>\n\t\t<div class=\"elementor-element elementor-element-73c71b4 e-con-full e-flex e-con e-child\" data-id=\"73c71b4\" data-element_type=\"container\" data-e-type=\"container\">\n\t\t\t\t<div class=\"elementor-element elementor-element-3fb1ecb elementor-widget__width-initial elementor-widget elementor-widget-heading\" data-id=\"3fb1ecb\" data-element_type=\"widget\" data-e-type=\"widget\" data-widget_type=\"heading.default\">\n\t\t\t\t<div class=\"elementor-widget-container\">\n\t\t\t\t\t<h2 class=\"elementor-heading-title elementor-size-default\">Por quanto tempo mantemos os seus dados?<\/h2>\t\t\t\t<\/div>\n\t\t\t\t<\/div>\n\t\t\t\t<div class=\"elementor-element elementor-element-5e6c442 elementor-widget elementor-widget-text-editor\" data-id=\"5e6c442\" data-element_type=\"widget\" data-e-type=\"widget\" data-widget_type=\"text-editor.default\">\n\t\t\t\t<div class=\"elementor-widget-container\">\n\t\t\t\t\t\t\t\t\t<div class=\"elementor-element elementor-element-c8f0f27 elementor-widget elementor-widget-text-editor\" data-id=\"c8f0f27\" data-element_type=\"widget\" data-widget_type=\"text-editor.default\"><div class=\"elementor-widget-container\"><p>Os seus dados ser\u00e3o conservados durante o tempo necess\u00e1rio \u00e0 correta presta\u00e7\u00e3o do servi\u00e7o oferecido, bem como para o cumprimento das responsabilidades que da\u00ed possam decorrer e de qualquer outro requisito legal.<\/p><\/div><\/div>\t\t\t\t\t\t\t\t<\/div>\n\t\t\t\t<\/div>\n\t\t\t\t<\/div>\n\t\t<div class=\"elementor-element elementor-element-6c2f2b2 e-con-full e-flex e-con e-child\" data-id=\"6c2f2b2\" data-element_type=\"container\" data-e-type=\"container\">\n\t\t\t\t<div class=\"elementor-element elementor-element-5e323f6 elementor-widget__width-initial elementor-widget elementor-widget-heading\" data-id=\"5e323f6\" data-element_type=\"widget\" data-e-type=\"widget\" data-widget_type=\"heading.default\">\n\t\t\t\t<div class=\"elementor-widget-container\">\n\t\t\t\t\t<h2 class=\"elementor-heading-title elementor-size-default\">Quais ser\u00e3o os destinat\u00e1rios dos seus dados?<\/h2>\t\t\t\t<\/div>\n\t\t\t\t<\/div>\n\t\t\t\t<div class=\"elementor-element elementor-element-edd9a5b elementor-widget elementor-widget-text-editor\" data-id=\"edd9a5b\" data-element_type=\"widget\" data-e-type=\"widget\" data-widget_type=\"text-editor.default\">\n\t\t\t\t<div class=\"elementor-widget-container\">\n\t\t\t\t\t\t\t\t\t<div class=\"elementor-element elementor-element-c8f0f27 elementor-widget elementor-widget-text-editor\" data-id=\"c8f0f27\" data-element_type=\"widget\" data-widget_type=\"text-editor.default\"><div class=\"elementor-widget-container\"><p>Ao processar seus dados, a Wisamar Bildungsgesellschaft gemeinn\u00fctzige GmbH pode compartilhar seus dados com:<\/p><p>On Projects Advising SL, como prestadores de servi\u00e7os de gest\u00e3o e manuten\u00e7\u00e3o web.<\/p><\/div><\/div>\t\t\t\t\t\t\t\t<\/div>\n\t\t\t\t<\/div>\n\t\t\t\t<\/div>\n\t\t<div class=\"elementor-element elementor-element-481b13f e-con-full e-flex e-con e-child\" data-id=\"481b13f\" data-element_type=\"container\" data-e-type=\"container\">\n\t\t\t\t<div class=\"elementor-element elementor-element-b836e69 elementor-widget__width-initial elementor-widget elementor-widget-heading\" data-id=\"b836e69\" data-element_type=\"widget\" data-e-type=\"widget\" data-widget_type=\"heading.default\">\n\t\t\t\t<div class=\"elementor-widget-container\">\n\t\t\t\t\t<h2 class=\"elementor-heading-title elementor-size-default\">Quais s\u00e3o os meus direitos?<\/h2>\t\t\t\t<\/div>\n\t\t\t\t<\/div>\n\t\t\t\t<div class=\"elementor-element elementor-element-a6454ca elementor-widget elementor-widget-text-editor\" data-id=\"a6454ca\" data-element_type=\"widget\" data-e-type=\"widget\" data-widget_type=\"text-editor.default\">\n\t\t\t\t<div class=\"elementor-widget-container\">\n\t\t\t\t\t\t\t\t\t<div class=\"elementor-element elementor-element-c8f0f27 elementor-widget elementor-widget-text-editor\" data-id=\"c8f0f27\" data-element_type=\"widget\" data-widget_type=\"text-editor.default\"><div class=\"elementor-widget-container\"><ul><li>Direito de acesso: o direito de obter a confirma\u00e7\u00e3o de que dados pessoais est\u00e3o sendo processados, bem como o direito de acesso a esses dados.<\/li><li>Direito \u00e0 retifica\u00e7\u00e3o dos dados pessoais.<\/li><li>Direito ao apagamento.<\/li><li>Direito \u00e0 limita\u00e7\u00e3o ao tratamento.<\/li><li>Direito \u00e0 portabilidade de dados.<\/li><li>Direito de oposi\u00e7\u00e3o: o direito de oposi\u00e7\u00e3o ao processamento de dados.<\/li><\/ul><\/div><\/div>\t\t\t\t\t\t\t\t<\/div>\n\t\t\t\t<\/div>\n\t\t\t\t<div class=\"elementor-element elementor-element-495176a elementor-widget elementor-widget-text-editor\" data-id=\"495176a\" data-element_type=\"widget\" data-e-type=\"widget\" data-widget_type=\"text-editor.default\">\n\t\t\t\t<div class=\"elementor-widget-container\">\n\t\t\t\t\t\t\t\t\t<p>O controlador mant\u00e9m o direito de restringir os direitos estabelecidos no Artigo 23 do Regulamento da UE, se tal restri\u00e7\u00e3o for prevista para salvaguardar, em particular, os direitos e liberdades fundamentais e for uma medida necess\u00e1ria e proporcional.<\/p>\t\t\t\t\t\t\t\t<\/div>\n\t\t\t\t<\/div>\n\t\t\t\t<\/div>\n\t\t<div class=\"elementor-element elementor-element-e57ba28 e-con-full e-flex e-con e-child\" data-id=\"e57ba28\" data-element_type=\"container\" data-e-type=\"container\">\n\t\t\t\t<div class=\"elementor-element elementor-element-20c9fe5 elementor-widget__width-initial elementor-widget elementor-widget-heading\" data-id=\"20c9fe5\" data-element_type=\"widget\" data-e-type=\"widget\" data-widget_type=\"heading.default\">\n\t\t\t\t<div class=\"elementor-widget-container\">\n\t\t\t\t\t<h2 class=\"elementor-heading-title elementor-size-default\">Onde posso reclamar?<\/h2>\t\t\t\t<\/div>\n\t\t\t\t<\/div>\n\t\t\t\t<div class=\"elementor-element elementor-element-96484ea elementor-widget elementor-widget-text-editor\" data-id=\"96484ea\" data-element_type=\"widget\" data-e-type=\"widget\" data-widget_type=\"text-editor.default\">\n\t\t\t\t<div class=\"elementor-widget-container\">\n\t\t\t\t\t\t\t\t\t<p>Caso algum interessado considere que os seus dados n\u00e3o est\u00e3o a ser devidamente tratados, poder\u00e1 enviar as suas reclama\u00e7\u00f5es para o seguinte endere\u00e7o de e-mail; <strong><a href=\"mailto:info@wisamar.de\">info@wisamar.de<\/a><\/strong><\/p><p>O titular dos dados declara ter adquirido toda esta informa\u00e7\u00e3o.<\/p>\t\t\t\t\t\t\t\t<\/div>\n\t\t\t\t<\/div>\n\t\t\t\t<\/div>\n\t\t\t\t\t<\/div>\n\t\t\t\t<\/div>\n\t\t\t\t<\/div>\n\t\t","protected":false},"excerpt":{"rendered":"<p>No EmpowerHer levamos muito a s\u00e9rio a prote\u00e7\u00e3o de seus dados pessoais. O nosso objetivo \u00e9 proteger a privacidade dos dados que nos fornece e cumprir com as normas vigentes sobre prote\u00e7\u00e3o de dados pessoais. Em cumprimento \u00e0 Lei 3\/2018 de 5 de dezembro, de Prote\u00e7\u00e3o de Dados Pessoais e Garantia de Direitos Digitais que [&hellip;]<\/p>\n","protected":false},"author":1,"featured_media":0,"parent":0,"menu_order":0,"comment_status":"closed","ping_status":"closed","template":"elementor_header_footer","meta":{"_eb_attr":"","footnotes":""},"class_list":["post-1036","page","type-page","status-publish","hentry"],"yoast_head":"<!-- This site is optimized with the Yoast SEO plugin v27.4 - https:\/\/yoast.com\/product\/yoast-seo-wordpress\/ -->\n<title>Pol\u00edtica de privacidade - EmpowerHer<\/title>\n<meta name=\"robots\" content=\"index, follow, max-snippet:-1, max-image-preview:large, max-video-preview:-1\" \/>\n<link rel=\"canonical\" href=\"https:\/\/empowermigrantwomen.eu\/privacy-policy\" \/>\n<meta property=\"og:locale\" content=\"pt_PT\" \/>\n<meta property=\"og:type\" content=\"article\" \/>\n<meta property=\"og:title\" content=\"Pol\u00edtica de privacidade - EmpowerHer\" \/>\n<meta property=\"og:description\" content=\"No EmpowerHer levamos muito a s\u00e9rio a prote\u00e7\u00e3o de seus dados pessoais. O nosso objetivo \u00e9 proteger a privacidade dos dados que nos fornece e cumprir com as normas vigentes sobre prote\u00e7\u00e3o de dados pessoais. Em cumprimento \u00e0 Lei 3\/2018 de 5 de dezembro, de Prote\u00e7\u00e3o de Dados Pessoais e Garantia de Direitos Digitais que [&hellip;]\" \/>\n<meta property=\"og:url\" content=\"https:\/\/empowermigrantwomen.eu\/privacy-policy\" \/>\n<meta property=\"og:site_name\" content=\"EmpowerHer\" \/>\n<meta property=\"article:modified_time\" content=\"2025-07-15T11:14:43+00:00\" \/>\n<meta name=\"twitter:card\" content=\"summary_large_image\" \/>\n<meta name=\"twitter:label1\" content=\"Tempo estimado de leitura\" \/>\n\t<meta name=\"twitter:data1\" content=\"3 minutos\" \/>\n<script type=\"application\/ld+json\" class=\"yoast-schema-graph\">{\"@context\":\"https:\\\/\\\/schema.org\",\"@graph\":[{\"@type\":\"WebPage\",\"@id\":\"https:\\\/\\\/empowermigrantwomen.eu\\\/privacy-policy\",\"url\":\"https:\\\/\\\/empowermigrantwomen.eu\\\/privacy-policy\",\"name\":\"Pol\u00edtica de privacidade - EmpowerHer\",\"isPartOf\":{\"@id\":\"https:\\\/\\\/empowermigrantwomen.eu\\\/fr\\\/#website\"},\"datePublished\":\"2025-05-05T05:37:50+00:00\",\"dateModified\":\"2025-07-15T11:14:43+00:00\",\"breadcrumb\":{\"@id\":\"https:\\\/\\\/empowermigrantwomen.eu\\\/privacy-policy#breadcrumb\"},\"inLanguage\":\"pt-PT\",\"potentialAction\":[{\"@type\":\"ReadAction\",\"target\":[\"https:\\\/\\\/empowermigrantwomen.eu\\\/privacy-policy\"]}]},{\"@type\":\"BreadcrumbList\",\"@id\":\"https:\\\/\\\/empowermigrantwomen.eu\\\/privacy-policy#breadcrumb\",\"itemListElement\":[{\"@type\":\"ListItem\",\"position\":1,\"name\":\"Home\",\"item\":\"https:\\\/\\\/empowermigrantwomen.eu\\\/\"},{\"@type\":\"ListItem\",\"position\":2,\"name\":\"Pol\u00edtica de privacidade\"}]},{\"@type\":\"WebSite\",\"@id\":\"https:\\\/\\\/empowermigrantwomen.eu\\\/fr\\\/#website\",\"url\":\"https:\\\/\\\/empowermigrantwomen.eu\\\/fr\\\/\",\"name\":\"EmpowerHer\",\"description\":\"\",\"publisher\":{\"@id\":\"https:\\\/\\\/empowermigrantwomen.eu\\\/fr\\\/#organization\"},\"potentialAction\":[{\"@type\":\"SearchAction\",\"target\":{\"@type\":\"EntryPoint\",\"urlTemplate\":\"https:\\\/\\\/empowermigrantwomen.eu\\\/fr\\\/?s={search_term_string}\"},\"query-input\":{\"@type\":\"PropertyValueSpecification\",\"valueRequired\":true,\"valueName\":\"search_term_string\"}}],\"inLanguage\":\"pt-PT\"},{\"@type\":\"Organization\",\"@id\":\"https:\\\/\\\/empowermigrantwomen.eu\\\/fr\\\/#organization\",\"name\":\"EmpowerHer\",\"url\":\"https:\\\/\\\/empowermigrantwomen.eu\\\/fr\\\/\",\"logo\":{\"@type\":\"ImageObject\",\"inLanguage\":\"pt-PT\",\"@id\":\"https:\\\/\\\/empowermigrantwomen.eu\\\/fr\\\/#\\\/schema\\\/logo\\\/image\\\/\",\"url\":\"https:\\\/\\\/empowermigrantwomen.eu\\\/wp-content\\\/uploads\\\/2025\\\/04\\\/EmpowerHer-horizontal-logo.png\",\"contentUrl\":\"https:\\\/\\\/empowermigrantwomen.eu\\\/wp-content\\\/uploads\\\/2025\\\/04\\\/EmpowerHer-horizontal-logo.png\",\"width\":4096,\"height\":1543,\"caption\":\"EmpowerHer\"},\"image\":{\"@id\":\"https:\\\/\\\/empowermigrantwomen.eu\\\/fr\\\/#\\\/schema\\\/logo\\\/image\\\/\"}}]}<\/script>\n<!-- \/ Yoast SEO plugin. -->","yoast_head_json":{"title":"Pol\u00edtica de privacidade - EmpowerHer","robots":{"index":"index","follow":"follow","max-snippet":"max-snippet:-1","max-image-preview":"max-image-preview:large","max-video-preview":"max-video-preview:-1"},"canonical":"https:\/\/empowermigrantwomen.eu\/privacy-policy","og_locale":"pt_PT","og_type":"article","og_title":"Pol\u00edtica de privacidade - EmpowerHer","og_description":"No EmpowerHer levamos muito a s\u00e9rio a prote\u00e7\u00e3o de seus dados pessoais. O nosso objetivo \u00e9 proteger a privacidade dos dados que nos fornece e cumprir com as normas vigentes sobre prote\u00e7\u00e3o de dados pessoais. Em cumprimento \u00e0 Lei 3\/2018 de 5 de dezembro, de Prote\u00e7\u00e3o de Dados Pessoais e Garantia de Direitos Digitais que [&hellip;]","og_url":"https:\/\/empowermigrantwomen.eu\/privacy-policy","og_site_name":"EmpowerHer","article_modified_time":"2025-07-15T11:14:43+00:00","twitter_card":"summary_large_image","twitter_misc":{"Tempo estimado de leitura":"3 minutos"},"schema":{"@context":"https:\/\/schema.org","@graph":[{"@type":"WebPage","@id":"https:\/\/empowermigrantwomen.eu\/privacy-policy","url":"https:\/\/empowermigrantwomen.eu\/privacy-policy","name":"Pol\u00edtica de privacidade - EmpowerHer","isPartOf":{"@id":"https:\/\/empowermigrantwomen.eu\/fr\/#website"},"datePublished":"2025-05-05T05:37:50+00:00","dateModified":"2025-07-15T11:14:43+00:00","breadcrumb":{"@id":"https:\/\/empowermigrantwomen.eu\/privacy-policy#breadcrumb"},"inLanguage":"pt-PT","potentialAction":[{"@type":"ReadAction","target":["https:\/\/empowermigrantwomen.eu\/privacy-policy"]}]},{"@type":"BreadcrumbList","@id":"https:\/\/empowermigrantwomen.eu\/privacy-policy#breadcrumb","itemListElement":[{"@type":"ListItem","position":1,"name":"Home","item":"https:\/\/empowermigrantwomen.eu\/"},{"@type":"ListItem","position":2,"name":"Pol\u00edtica de privacidade"}]},{"@type":"WebSite","@id":"https:\/\/empowermigrantwomen.eu\/fr\/#website","url":"https:\/\/empowermigrantwomen.eu\/fr\/","name":"EmpowerHer","description":"","publisher":{"@id":"https:\/\/empowermigrantwomen.eu\/fr\/#organization"},"potentialAction":[{"@type":"SearchAction","target":{"@type":"EntryPoint","urlTemplate":"https:\/\/empowermigrantwomen.eu\/fr\/?s={search_term_string}"},"query-input":{"@type":"PropertyValueSpecification","valueRequired":true,"valueName":"search_term_string"}}],"inLanguage":"pt-PT"},{"@type":"Organization","@id":"https:\/\/empowermigrantwomen.eu\/fr\/#organization","name":"EmpowerHer","url":"https:\/\/empowermigrantwomen.eu\/fr\/","logo":{"@type":"ImageObject","inLanguage":"pt-PT","@id":"https:\/\/empowermigrantwomen.eu\/fr\/#\/schema\/logo\/image\/","url":"https:\/\/empowermigrantwomen.eu\/wp-content\/uploads\/2025\/04\/EmpowerHer-horizontal-logo.png","contentUrl":"https:\/\/empowermigrantwomen.eu\/wp-content\/uploads\/2025\/04\/EmpowerHer-horizontal-logo.png","width":4096,"height":1543,"caption":"EmpowerHer"},"image":{"@id":"https:\/\/empowermigrantwomen.eu\/fr\/#\/schema\/logo\/image\/"}}]}},"_links":{"self":[{"href":"https:\/\/empowermigrantwomen.eu\/pt-pt\/wp-json\/wp\/v2\/pages\/1036","targetHints":{"allow":["GET"]}}],"collection":[{"href":"https:\/\/empowermigrantwomen.eu\/pt-pt\/wp-json\/wp\/v2\/pages"}],"about":[{"href":"https:\/\/empowermigrantwomen.eu\/pt-pt\/wp-json\/wp\/v2\/types\/page"}],"author":[{"embeddable":true,"href":"https:\/\/empowermigrantwomen.eu\/pt-pt\/wp-json\/wp\/v2\/users\/1"}],"replies":[{"embeddable":true,"href":"https:\/\/empowermigrantwomen.eu\/pt-pt\/wp-json\/wp\/v2\/comments?post=1036"}],"version-history":[{"count":1,"href":"https:\/\/empowermigrantwomen.eu\/pt-pt\/wp-json\/wp\/v2\/pages\/1036\/revisions"}],"predecessor-version":[{"id":1037,"href":"https:\/\/empowermigrantwomen.eu\/pt-pt\/wp-json\/wp\/v2\/pages\/1036\/revisions\/1037"}],"wp:attachment":[{"href":"https:\/\/empowermigrantwomen.eu\/pt-pt\/wp-json\/wp\/v2\/media?parent=1036"}],"curies":[{"name":"wp","href":"https:\/\/api.w.org\/{rel}","templated":true}]}}